{"id":1207,"date":"2024-06-11T20:04:20","date_gmt":"2024-06-11T18:04:20","guid":{"rendered":"https:\/\/brkljaca.hr\/?post_type=product&#038;p=1207"},"modified":"2025-06-05T12:28:02","modified_gmt":"2025-06-05T10:28:02","slug":"janjeca-glava","status":"publish","type":"product","link":"https:\/\/brkljaca.hr\/de\/product\/lammkopf\/","title":{"rendered":"Lammkopf"},"content":{"rendered":"","protected":false},"excerpt":{"rendered":"<p>Diese traditionelle Delikatesse, mit besonderer Sorgfalt zubereitet, ist ideal f\u00fcr wahre Feinschmecker. Au\u00dfen knusprig und innen saftig ist der Lammkopf ein wahrer gastronomischer Genuss, der Ihren Gaumen verw\u00f6hnt. Genie\u00dfen Sie die Vorz\u00fcglichkeit jedes Bissens.<\/p>","protected":false},"featured_media":1208,"template":"","meta":{"site-sidebar-layout":"default","site-content-layout":"","ast-site-content-layout":"default","site-content-style":"default","site-sidebar-style":"default","ast-global-header-display":"","ast-banner-title-visibility":"","ast-main-header-display":"","ast-hfb-above-header-display":"","ast-hfb-below-header-display":"","ast-hfb-mobile-header-display":"","site-post-title":"","ast-breadcrumbs-content":"","ast-featured-img":"","footer-sml-layout":"","ast-disable-related-posts":"","theme-transparent-header-meta":"default","adv-header-id-meta":"","stick-header-meta":"default","header-above-stick-meta":"","header-main-stick-meta":"","header-below-stick-meta":"","astra-migrate-meta-layouts":"set","ast-page-background-enabled":"default","ast-page-background-meta":{"desktop":{"background-color":"var(--ast-global-color-4)","background-image":"","background-repeat":"repeat","background-position":"center center","background-size":"auto","background-attachment":"scroll","background-type":"","background-media":"","overlay-type":"","overlay-color":"","overlay-opacity":"","overlay-gradient":""},"tablet":{"background-color":"","background-image":"","background-repeat":"repeat","background-position":"center center","background-size":"auto","background-attachment":"scroll","background-type":"","background-media":"","overlay-type":"","overlay-color":"","overlay-opacity":"","overlay-gradient":""},"mobile":{"background-color":"","background-image":"","background-repeat":"repeat","background-position":"center center","background-size":"auto","background-attachment":"scroll","background-type":"","background-media":"","overlay-type":"","overlay-color":"","overlay-opacity":"","overlay-gradient":""}},"ast-content-background-meta":{"desktop":{"background-color":"var(--ast-global-color-5)","background-image":"","background-repeat":"repeat","background-position":"center center","background-size":"auto","background-attachment":"scroll","background-type":"","background-media":"","overlay-type":"","overlay-color":"","overlay-opacity":"","overlay-gradient":""},"tablet":{"background-color":"var(--ast-global-color-5)","background-image":"","background-repeat":"repeat","background-position":"center center","background-size":"auto","background-attachment":"scroll","background-type":"","background-media":"","overlay-type":"","overlay-color":"","overlay-opacity":"","overlay-gradient":""},"mobile":{"background-color":"var(--ast-global-color-5)","background-image":"","background-repeat":"repeat","background-position":"center center","background-size":"auto","background-attachment":"scroll","background-type":"","background-media":"","overlay-type":"","overlay-color":"","overlay-opacity":"","overlay-gradient":""}}},"product_brand":[],"product_cat":[34],"product_tag":[],"class_list":{"0":"post-1207","1":"product","2":"type-product","3":"status-publish","4":"has-post-thumbnail","6":"product_cat-brkljaca","7":"desktop-align-left","8":"tablet-align-left","9":"mobile-align-left","10":"ast-product-gallery-layout-horizontal-slider","11":"ast-product-gallery-with-no-image","13":"first","14":"instock","15":"shipping-taxable","16":"purchasable","17":"product-type-simple"},"yoast_head":"<!-- This site is optimized with the Yoast SEO plugin v27.4 - https:\/\/yoast.com\/product\/yoast-seo-wordpress\/ -->\n<title>Janje\u0107a glava - brkljaca.hr<\/title>\n<meta name=\"robots\" content=\"index, follow, max-snippet:-1, max-image-preview:large, max-video-preview:-1\" \/>\n<link rel=\"canonical\" href=\"https:\/\/brkljaca.hr\/de\/product\/lammkopf\/\" \/>\n<meta property=\"og:locale\" content=\"de_DE\" \/>\n<meta property=\"og:type\" content=\"article\" \/>\n<meta property=\"og:title\" content=\"Janje\u0107a glava - brkljaca.hr\" \/>\n<meta property=\"og:description\" content=\"Ova tradicionalna delicija, pripremljena s posebnom pa\u017enjom, idealna je za prave gurmane. Hrskava izvana, a so\u010dna iznutra, janje\u0107a glava predstavlja autenti\u010dan gastronomski u\u017eitak koji \u0107e zadovoljiti va\u0161a nepca. U\u017eivajte u izvrsnosti svakog zalogaja.\" \/>\n<meta property=\"og:url\" content=\"https:\/\/brkljaca.hr\/de\/product\/lammkopf\/\" \/>\n<meta property=\"og:site_name\" content=\"brkljaca.hr\" \/>\n<meta property=\"article:modified_time\" content=\"2025-06-05T10:28:02+00:00\" \/>\n<meta property=\"og:image\" content=\"https:\/\/brkljaca.hr\/wp-content\/uploads\/2024\/06\/glava-janje-2.webp\" \/>\n\t<meta property=\"og:image:width\" content=\"1000\" \/>\n\t<meta property=\"og:image:height\" content=\"1000\" \/>\n\t<meta property=\"og:image:type\" content=\"image\/webp\" \/>\n<meta name=\"twitter:card\" content=\"summary_large_image\" \/>\n<meta name=\"twitter:label1\" content=\"Est. reading time\" \/>\n\t<meta name=\"twitter:data1\" content=\"1 minute\" \/>\n<script type=\"application\/ld+json\" class=\"yoast-schema-graph\">{\"@context\":\"https:\\\/\\\/schema.org\",\"@graph\":[{\"@type\":\"WebPage\",\"@id\":\"https:\\\/\\\/brkljaca.hr\\\/proizvod\\\/janjeca-glava\\\/\",\"url\":\"https:\\\/\\\/brkljaca.hr\\\/proizvod\\\/janjeca-glava\\\/\",\"name\":\"Janje\u0107a glava - brkljaca.hr\",\"isPartOf\":{\"@id\":\"https:\\\/\\\/brkljaca.hr\\\/#website\"},\"primaryImageOfPage\":{\"@id\":\"https:\\\/\\\/brkljaca.hr\\\/proizvod\\\/janjeca-glava\\\/#primaryimage\"},\"image\":{\"@id\":\"https:\\\/\\\/brkljaca.hr\\\/proizvod\\\/janjeca-glava\\\/#primaryimage\"},\"thumbnailUrl\":\"https:\\\/\\\/brkljaca.hr\\\/wp-content\\\/uploads\\\/2024\\\/06\\\/glava-janje-2.webp\",\"datePublished\":\"2024-06-11T18:04:20+00:00\",\"dateModified\":\"2025-06-05T10:28:02+00:00\",\"breadcrumb\":{\"@id\":\"https:\\\/\\\/brkljaca.hr\\\/proizvod\\\/janjeca-glava\\\/#breadcrumb\"},\"inLanguage\":\"de-DE\",\"potentialAction\":[{\"@type\":\"ReadAction\",\"target\":[\"https:\\\/\\\/brkljaca.hr\\\/proizvod\\\/janjeca-glava\\\/\"]}]},{\"@type\":\"ImageObject\",\"inLanguage\":\"de-DE\",\"@id\":\"https:\\\/\\\/brkljaca.hr\\\/proizvod\\\/janjeca-glava\\\/#primaryimage\",\"url\":\"https:\\\/\\\/brkljaca.hr\\\/wp-content\\\/uploads\\\/2024\\\/06\\\/glava-janje-2.webp\",\"contentUrl\":\"https:\\\/\\\/brkljaca.hr\\\/wp-content\\\/uploads\\\/2024\\\/06\\\/glava-janje-2.webp\",\"width\":1000,\"height\":1000},{\"@type\":\"BreadcrumbList\",\"@id\":\"https:\\\/\\\/brkljaca.hr\\\/proizvod\\\/janjeca-glava\\\/#breadcrumb\",\"itemListElement\":[{\"@type\":\"ListItem\",\"position\":1,\"name\":\"Po\u010detna stranica\",\"item\":\"https:\\\/\\\/brkljaca.hr\\\/\"},{\"@type\":\"ListItem\",\"position\":2,\"name\":\"Katalog\",\"item\":\"https:\\\/\\\/brkljaca.hr\\\/katalog\\\/\"},{\"@type\":\"ListItem\",\"position\":3,\"name\":\"Janje\u0107a glava\"}]},{\"@type\":\"WebSite\",\"@id\":\"https:\\\/\\\/brkljaca.hr\\\/#website\",\"url\":\"https:\\\/\\\/brkljaca.hr\\\/\",\"name\":\"brkljaca.hr\",\"description\":\"\",\"publisher\":{\"@id\":\"https:\\\/\\\/brkljaca.hr\\\/#organization\"},\"potentialAction\":[{\"@type\":\"SearchAction\",\"target\":{\"@type\":\"EntryPoint\",\"urlTemplate\":\"https:\\\/\\\/brkljaca.hr\\\/?s={search_term_string}\"},\"query-input\":{\"@type\":\"PropertyValueSpecification\",\"valueRequired\":true,\"valueName\":\"search_term_string\"}}],\"inLanguage\":\"de-DE\"},{\"@type\":\"Organization\",\"@id\":\"https:\\\/\\\/brkljaca.hr\\\/#organization\",\"name\":\"brkljaca.hr\",\"url\":\"https:\\\/\\\/brkljaca.hr\\\/\",\"logo\":{\"@type\":\"ImageObject\",\"inLanguage\":\"de-DE\",\"@id\":\"https:\\\/\\\/brkljaca.hr\\\/#\\\/schema\\\/logo\\\/image\\\/\",\"url\":\"https:\\\/\\\/brkljaca.hr\\\/wp-content\\\/uploads\\\/2024\\\/05\\\/PECENJARNICA-BRKLJACA-logo.png\",\"contentUrl\":\"https:\\\/\\\/brkljaca.hr\\\/wp-content\\\/uploads\\\/2024\\\/05\\\/PECENJARNICA-BRKLJACA-logo.png\",\"width\":450,\"height\":200,\"caption\":\"brkljaca.hr\"},\"image\":{\"@id\":\"https:\\\/\\\/brkljaca.hr\\\/#\\\/schema\\\/logo\\\/image\\\/\"}}]}<\/script>\n<!-- \/ Yoast SEO plugin. -->","yoast_head_json":{"title":"Lammkopf - brkljaca.hr","robots":{"index":"index","follow":"follow","max-snippet":"max-snippet:-1","max-image-preview":"max-image-preview:large","max-video-preview":"max-video-preview:-1"},"canonical":"https:\/\/brkljaca.hr\/de\/product\/lammkopf\/","og_locale":"de_DE","og_type":"article","og_title":"Janje\u0107a glava - brkljaca.hr","og_description":"Ova tradicionalna delicija, pripremljena s posebnom pa\u017enjom, idealna je za prave gurmane. Hrskava izvana, a so\u010dna iznutra, janje\u0107a glava predstavlja autenti\u010dan gastronomski u\u017eitak koji \u0107e zadovoljiti va\u0161a nepca. U\u017eivajte u izvrsnosti svakog zalogaja.","og_url":"https:\/\/brkljaca.hr\/de\/product\/lammkopf\/","og_site_name":"brkljaca.hr","article_modified_time":"2025-06-05T10:28:02+00:00","og_image":[{"width":1000,"height":1000,"url":"https:\/\/brkljaca.hr\/wp-content\/uploads\/2024\/06\/glava-janje-2.webp","type":"image\/webp"}],"twitter_card":"summary_large_image","twitter_misc":{"Est. reading time":"1 minute"},"schema":{"@context":"https:\/\/schema.org","@graph":[{"@type":"WebPage","@id":"https:\/\/brkljaca.hr\/proizvod\/janjeca-glava\/","url":"https:\/\/brkljaca.hr\/proizvod\/janjeca-glava\/","name":"Lammkopf - brkljaca.hr","isPartOf":{"@id":"https:\/\/brkljaca.hr\/#website"},"primaryImageOfPage":{"@id":"https:\/\/brkljaca.hr\/proizvod\/janjeca-glava\/#primaryimage"},"image":{"@id":"https:\/\/brkljaca.hr\/proizvod\/janjeca-glava\/#primaryimage"},"thumbnailUrl":"https:\/\/brkljaca.hr\/wp-content\/uploads\/2024\/06\/glava-janje-2.webp","datePublished":"2024-06-11T18:04:20+00:00","dateModified":"2025-06-05T10:28:02+00:00","breadcrumb":{"@id":"https:\/\/brkljaca.hr\/proizvod\/janjeca-glava\/#breadcrumb"},"inLanguage":"de-DE","potentialAction":[{"@type":"ReadAction","target":["https:\/\/brkljaca.hr\/proizvod\/janjeca-glava\/"]}]},{"@type":"ImageObject","inLanguage":"de-DE","@id":"https:\/\/brkljaca.hr\/proizvod\/janjeca-glava\/#primaryimage","url":"https:\/\/brkljaca.hr\/wp-content\/uploads\/2024\/06\/glava-janje-2.webp","contentUrl":"https:\/\/brkljaca.hr\/wp-content\/uploads\/2024\/06\/glava-janje-2.webp","width":1000,"height":1000},{"@type":"BreadcrumbList","@id":"https:\/\/brkljaca.hr\/proizvod\/janjeca-glava\/#breadcrumb","itemListElement":[{"@type":"ListItem","position":1,"name":"Po\u010detna stranica","item":"https:\/\/brkljaca.hr\/"},{"@type":"ListItem","position":2,"name":"Katalog","item":"https:\/\/brkljaca.hr\/katalog\/"},{"@type":"ListItem","position":3,"name":"Janje\u0107a glava"}]},{"@type":"WebSite","@id":"https:\/\/brkljaca.hr\/#website","url":"https:\/\/brkljaca.hr\/","name":"brkljaca.hr","description":"","publisher":{"@id":"https:\/\/brkljaca.hr\/#organization"},"potentialAction":[{"@type":"SearchAction","target":{"@type":"EntryPoint","urlTemplate":"https:\/\/brkljaca.hr\/?s={search_term_string}"},"query-input":{"@type":"PropertyValueSpecification","valueRequired":true,"valueName":"search_term_string"}}],"inLanguage":"de-DE"},{"@type":"Organization","@id":"https:\/\/brkljaca.hr\/#organization","name":"brkljaca.hr","url":"https:\/\/brkljaca.hr\/","logo":{"@type":"ImageObject","inLanguage":"de-DE","@id":"https:\/\/brkljaca.hr\/#\/schema\/logo\/image\/","url":"https:\/\/brkljaca.hr\/wp-content\/uploads\/2024\/05\/PECENJARNICA-BRKLJACA-logo.png","contentUrl":"https:\/\/brkljaca.hr\/wp-content\/uploads\/2024\/05\/PECENJARNICA-BRKLJACA-logo.png","width":450,"height":200,"caption":"brkljaca.hr"},"image":{"@id":"https:\/\/brkljaca.hr\/#\/schema\/logo\/image\/"}}]}},"_links":{"self":[{"href":"https:\/\/brkljaca.hr\/de\/wp-json\/wp\/v2\/product\/1207","targetHints":{"allow":["GET"]}}],"collection":[{"href":"https:\/\/brkljaca.hr\/de\/wp-json\/wp\/v2\/product"}],"about":[{"href":"https:\/\/brkljaca.hr\/de\/wp-json\/wp\/v2\/types\/product"}],"wp:featuredmedia":[{"embeddable":true,"href":"https:\/\/brkljaca.hr\/de\/wp-json\/wp\/v2\/media\/1208"}],"wp:attachment":[{"href":"https:\/\/brkljaca.hr\/de\/wp-json\/wp\/v2\/media?parent=1207"}],"wp:term":[{"taxonomy":"product_brand","embeddable":true,"href":"https:\/\/brkljaca.hr\/de\/wp-json\/wp\/v2\/product_brand?post=1207"},{"taxonomy":"product_cat","embeddable":true,"href":"https:\/\/brkljaca.hr\/de\/wp-json\/wp\/v2\/product_cat?post=1207"},{"taxonomy":"product_tag","embeddable":true,"href":"https:\/\/brkljaca.hr\/de\/wp-json\/wp\/v2\/product_tag?post=1207"}],"curies":[{"name":"wp","href":"https:\/\/api.w.org\/{rel}","templated":true}]}}